{"id":659,"date":"2013-09-19T14:34:38","date_gmt":"2013-09-19T14:34:38","guid":{"rendered":"http:\/\/espiritualidad-cuantica.es\/?page_id=659"},"modified":"2013-10-17T17:14:55","modified_gmt":"2013-10-17T15:14:55","slug":"sobre-el-traductor","status":"publish","type":"page","link":"https:\/\/espiritualidad-cuantica.es\/?page_id=659","title":{"rendered":"Sobre el Traductor"},"content":{"rendered":"<p><a href=\"http:\/\/espiritualidad-cuantica.es\/wp-content\/uploads\/2013\/10\/Guitar-playing.jpg\"><img loading=\"lazy\" decoding=\"async\" class=\" wp-image-757 alignleft\" style=\"margin-left: 10px; margin-right: 10px;\" alt=\"Guitar playing\" src=\"http:\/\/espiritualidad-cuantica.es\/wp-content\/uploads\/2013\/10\/Guitar-playing-195x300.jpg\" width=\"176\" height=\"270\" srcset=\"https:\/\/espiritualidad-cuantica.es\/wp-content\/uploads\/2013\/10\/Guitar-playing-195x300.jpg 195w, https:\/\/espiritualidad-cuantica.es\/wp-content\/uploads\/2013\/10\/Guitar-playing.jpg 312w\" sizes=\"auto, (max-width: 176px) 100vw, 176px\" \/><\/a>Me llamo Pedro Ruiz de Luna\u2026 y normalmente yo tambi\u00e9n me detengo aqu\u00ed, \u00a0porque lo dem\u00e1s no tiene mucha importancia. El traductor debe ser invisible, pero ya que Stephen insiste en que hable de m\u00ed, les dir\u00e9 que:<\/p>\n<p>Nac\u00ed en Espa\u00f1a, en Talavera de la Reina, provincia de Toledo, hace 59 a\u00f1os.\u00a0 Mi familia ten\u00eda por entonces\u00a0 una f\u00e1brica de cer\u00e1mica art\u00edstica, que fue donde abr\u00ed los ojos a la vida y al mundo.\u00a0 En 1961 se cerr\u00f3 la f\u00e1brica y nos trasladamos a Madrid, ciudad donde crec\u00ed, estudi\u00e9, aprend\u00ed su acento y me form\u00e9. Despu\u00e9s del Bachillerato anduve deambulando por la Universidad sin saber muy bien qu\u00e9 hacer (Ciencias, Psicolog\u00eda, Arquitectura al final). Lo cierto es que me decepcion\u00f3 y la abandon\u00e9. Prefer\u00ed construir mis edificios en forma m\u00e1s intangible y ef\u00edmera, y segu\u00ed con mi guitarra, que no me ha abandonado nunca.<\/p>\n<p>Para contentar a la familia, m\u00e1s que nada, tom\u00e9 un curso de programaci\u00f3n con IBM, lenguajes Cobol y Assembler. Era el mundo de la inform\u00e1tica m\u00e1s primitiva, de tarjetas perforadas y memorias medidas en Kb, en el que los ordenadores personales eran un rumor de ciencia-ficci\u00f3n. Luego he sido de todo, pero sobre todo, m\u00fasico.<\/p>\n<p>Durante 22 a\u00f1os, los \u00faltimos de su vida, fui alumno, disc\u00edpulo, compa\u00f1ero de d\u00fao, colaborador\u00a0 y amigo del gran Maestro Segundo Pastor (1916-1992). Con \u00e9l segu\u00ed una ense\u00f1anza renacentista en la que yo, aprendiz,\u00a0 iba ganando en sabidur\u00eda y experiencia hasta llegar al mano a mano con el Maestro. Form\u00e1bamos una pareja quijotesca, pero \u00e9l, con su aspecto de Sancho, era el aut\u00e9ntico Caballero Andante. Y peregrino: viajamos intensamente por Espa\u00f1a y por otros pa\u00edses en trenes, aviones, coches, autobuses, conciertos, clases, grabaciones, cursos intensivos&#8230;<\/p>\n<p>A su partida, en memoria de su querida y entra\u00f1able presencia, me inspir\u00e9 a escribir un libro sobre su significado y nuestra experiencia conjunta. Una especie de biograf\u00eda suya desde un puesto de primera l\u00ednea. Un homenaje necesario a un extraordinario ser humano y un m\u00fasico excepcional.<\/p>\n<p>Tambi\u00e9n form\u00e9 el Duo Pastor en Estados Unidos. All\u00ed grab\u00e9 un CD (<i>Escuela Espa\u00f1ola de Guitarra<\/i>) en homenaje a \u00e9l y a la Escuela que representaba. Segundo fue disc\u00edpulo predilecto de Daniel Fortea (1878-1953), que a su vez lo fue del gran Francisco T\u00e1rrega (1852-1909). De manera que ese es mi linaje musical. Un privilegio enorme si adem\u00e1s lo unimos al linaje art\u00edstico de mi familia.<\/p>\n<p>Ahora tambi\u00e9n soy otro tipo de int\u00e9rprete, de idiomas esta vez, \u00a0y me gano la vida como traductor. Sigo trabajando en el gran proyecto de mostrar la \u00edntima conexi\u00f3n hist\u00f3rica de la Guitarra con Espa\u00f1a, a trav\u00e9s de las m\u00fasicas escritas para ella por autores espa\u00f1oles desde el siglo XIV hasta ayer mismo.\u00a0 <i>La Guitarra y Espa\u00f1a<\/i>, se llama: 33 los autores y unas 88 obras hasta hoy.<\/p>\n<p>Me cas\u00e9 con una mujer fant\u00e1stica, excelente pintora. La cosa dur\u00f3 lo que pudo durar, siendo ambos tan \u201cvolc\u00e1nicos\u201d. Con ella tuve a mis dos hijos maravillosos. Los veo poco, tambi\u00e9n por la distancia, y los echo de menos mucho, por el cari\u00f1o.<\/p>\n<p>Mi trayectoria espiritual comenz\u00f3 con el inter\u00e9s por los libros de Lobsang Rampa, que dur\u00f3 poco. Luego di con la obra del Rudolf Steiner, fundador de la Antroposof\u00eda, que dur\u00f3 bastante m\u00e1s. Luego pas\u00e9 por muchos otros de los grandes conocidos, picoteando de aqu\u00ed y de all\u00e1.<\/p>\n<p>Un d\u00eda, de la nada, di con los seminarios de Stephen, que me fascinaron. Luego acud\u00ed a su web y descargu\u00e9 el libro. Lo le\u00ed dos veces seguidas la primera vez y, sin saber bien c\u00f3mo ni por qu\u00e9, me encontr\u00e9 traduci\u00e9ndolo. Cuando lo complet\u00e9, se lo envi\u00e9. Eso ha dado origen a la p\u00e1gina web que ven y a una estupenda amistad inesperada. Qu\u00e9 s\u00e9 yo, cosas del Yo Infinito\u2026<\/p>\n","protected":false},"excerpt":{"rendered":"<p>Me llamo Pedro Ruiz de Luna\u2026 y normalmente yo tambi\u00e9n me detengo aqu\u00ed, \u00a0porque lo dem\u00e1s no tiene mucha importancia. El traductor debe ser invisible, pero ya que Stephen insiste en que hable de m\u00ed, les dir\u00e9 que: Nac\u00ed en Espa\u00f1a, en Talavera de la Reina, provincia de Toledo, hace 59 a\u00f1os.\u00a0 Mi familia ten\u00eda [&hellip;]<\/p>\n","protected":false},"author":1,"featured_media":0,"parent":0,"menu_order":0,"comment_status":"open","ping_status":"open","template":"","meta":{"footnotes":""},"class_list":["post-659","page","type-page","status-publish","hentry"],"_links":{"self":[{"href":"https:\/\/espiritualidad-cuantica.es\/index.php?rest_route=\/wp\/v2\/pages\/659","targetHints":{"allow":["GET"]}}],"collection":[{"href":"https:\/\/espiritualidad-cuantica.es\/index.php?rest_route=\/wp\/v2\/pages"}],"about":[{"href":"https:\/\/espiritualidad-cuantica.es\/index.php?rest_route=\/wp\/v2\/types\/page"}],"author":[{"embeddable":true,"href":"https:\/\/espiritualidad-cuantica.es\/index.php?rest_route=\/wp\/v2\/users\/1"}],"replies":[{"embeddable":true,"href":"https:\/\/espiritualidad-cuantica.es\/index.php?rest_route=%2Fwp%2Fv2%2Fcomments&post=659"}],"version-history":[{"count":7,"href":"https:\/\/espiritualidad-cuantica.es\/index.php?rest_route=\/wp\/v2\/pages\/659\/revisions"}],"predecessor-version":[{"id":773,"href":"https:\/\/espiritualidad-cuantica.es\/index.php?rest_route=\/wp\/v2\/pages\/659\/revisions\/773"}],"wp:attachment":[{"href":"https:\/\/espiritualidad-cuantica.es\/index.php?rest_route=%2Fwp%2Fv2%2Fmedia&parent=659"}],"curies":[{"name":"wp","href":"https:\/\/api.w.org\/{rel}","templated":true}]}}